{"version":"1.0","provider_name":"Csonka Andr\u00e1s blogja","provider_url":"https:\/\/csonkaandras.cafeblog.hu","author_name":"Csonka Andr\u00e1s","author_url":"https:\/\/csonkaandras.cafeblog.hu\/author\/csonka-andras\/","title":"HOL J\u00c1R AZ ESZEM::???","html":"<P>&nbsp;Sziasztok, sok \u00fcdv \u00e9s h\u00f3dolat!<\/P>\r\n<P>Ink\u00e1bb nem is magyar\u00e1zkodom, felesleges, most azt\u00e1n kaparhatok, hogy j\u00f3v\u00e1 tegyem hossz\u00fa kimarad\u00e1somat, ny\u00edlv\u00e1n lassz\u00f3val kell visszacs\u00e1b\u00edtani olvas\u00f3imat, akik jobb h\u00edj\u00e1n megcsaltak mindenf\u00e9le blogok olvasgat\u00e1s\u00e1val...:))<\/P>\r\n<P>El\u00e9g ha annyit mondok : LAK\u00c1SFEL\u00daJ\u00cdT\u00c1S....Azt hiszem kezedek belef\u00e1radni e bbe a cirkuszba, a dobozok k\u00f6z\u00f6tt tengetett h\u00e9tk\u00f6znapjaimba, a f\u00f6ld al\u00f3l kik\u00fasz\u00f3 plusz k\u00f6lts\u00e9gekbe. Ha valaki mutat nekjem egy lak\u00e1sfel\u00faj\u00edt\u00e1st, ami z\u00f6kken\u0151mentes, \u00e9s annyiba ker\u00fcl, mint amennyi az \u00e1raj\u00e1nlatban szerepel, akkor \u00e9n vakolom le a konyh\u00e1j\u00e1t. Egy\u00e9bk\u00e9nt biztosan sz\u00e9p lesz, na de mikor?????<\/P>\r\n<P>Rem\u00e9lem, m\u00e9g a nyarala\u00e1s megkezd\u00e9se el\u0151tt v\u00e9gleg visszak\u00f6lt\u00f6zhetek. Az \u00d6tleth\u00e1zban eg\u00e9sz kis szappanoper\u00e1t forgatnak a kolleg\u00e1k az \u00e1talak\u00edts\u00e1 folyamat\u00e1r\u00f3l, persze az a k\u00e9p idillibb, mijnt a val\u00f3s\u00e1g.....<\/P>\r\n<P>H\u00fa, iszony\u00fa k\u00e1nikula van, rem\u00e9lem lesz alkalmatok kicsit f\u00fcrd\u0151zni valamilyen v\u00edzparton. Az embernek, ilyenkor, amikor az agyvize is felforr, sokkal ink\u00e1bb t\u00f6rekednie kell arra, hogy t\u00fcrelmes legyen lehet\u0151leg minden helyzetben. J\u00f3magam viszont egyre nehezebben viselek el bizonyos jelens\u00e9geket, anom\u00e1li\u00e1kat. Nem nagyon b\u00edrom, ha&nbsp; egy m\u0171v\u00e9szkollega megengedi mag\u00e1nak, hogy 40 embert feltartson a k\u00e9s\u00e9s\u00e9vel, nem n\u00e9zem j\u00f3 szemmel a tegnap m\u00e9g utc\u00e1n bolyong\u00f3 emberk\u00e9k kivagyis\u00e1g\u00e1t sem, kifejezetten irrit\u00e1l ha valaki&nbsp; \u0151rj\u00f6ngve szerepelni kezd, csak hogy egy f\u00e9nyk\u00e9pez\u0151g\u00e9p optik\u00e1ja r\u00e1szegez\u0151dj\u00f6n. Nem is tudom, mi\u00e9rt \u00edrtam most ezt le Nektek, lehet egyszer majd b\u0151vebben kifejtem, persze az izgalmas az lenne, ha nevekkel egy\u00fctt tenn\u00e9m, igaz?:)<\/P>\r\n<P>Hihetetlen\u00fcl h\u00fcly\u00e9n hamgzik, de&nbsp; \u00f6sszer\u00e1ndul a gyomrom, ha arra gondolok, hogy szerd\u00e1n egy g\u00e1laesten egyed\u00fcl kell ki\u00e1llnom a sz\u00ednpadra, hogy egy Karinthy monol\u00f3got elmondjak. utolj\u00e1ra a F\u0151iskol\u00e1n \u00e1lltam partner n\u00e9lk\u00fcl a sz\u00ednpadon,&nbsp;\u00e9s ez eg\u00e9szen m\u00e1r, mint egy sz\u00edndarabban a t\u00f6bbiekbe kapaszkodni, az el\u0151ad\u00f3m\u0171v\u00e9szet jeles k\u00e9pvisel\u0151i tudnak valami pluszt. Ami\u00f3ta egyszer beles\u00fcltem egy versbe, soha t\u00f6bb\u00e9 nem voltam k\u00e9pe szavalni emberek el\u0151tt sz\u00ednpadon. Ilyenkor az v\u00edgasztal, hogy nagyjaink k\u00f6z\u00fcl sokan nyilytkoztak iylen ir\u00e1ny\u0171 f\u00e9lelmeikr\u0151l, p\u00e9ld\u00e1ul T\u00f6r\u0151csik Mari, az igazi nagyasszony.<\/P>\r\n<P>Most kicsit gy\u00fcm\u00f6lcs\u00f6z\u00f6k \u00e9s tanulok, m\u00e9g r\u00e1mf\u00e9r szerd\u00e1ig. Vettem barackot \u00e9s id\u00e9n el\u0151sz\u00f6r dinny\u00e9t. Ha esetleg megfulladn\u00e9k a magokt\u00f3l, biztos benne leszek a Storyonline h\u00edreiben...:)<\/P>\r\n<P>Minden j\u00f3t Nektek, hamarosan j\u00f6v\u00f6k......de t\u00e9nyleg:))<\/P>","type":"rich"}